{"id":1751,"date":"2025-09-23T16:31:02","date_gmt":"2025-09-23T23:31:02","guid":{"rendered":"https:\/\/catalystsystem.net\/sp\/?page_id=1751"},"modified":"2026-01-18T20:54:18","modified_gmt":"2026-01-19T04:54:18","slug":"ielc","status":"publish","type":"page","link":"https:\/\/catalystsystem.net\/sp\/ielc\/","title":{"rendered":""},"content":{"rendered":"<div id=\"pl-1751\"  class=\"panel-layout\" ><div id=\"pg-1751-0\"  class=\"panel-grid panel-has-style\" ><div class=\"panel-row-style panel-row-style-for-1751-0\" ><div id=\"pgc-1751-0-0\"  class=\"panel-grid-cell\" ><div id=\"panel-1751-0-0-0\" class=\"so-panel widget widget_sow-image panel-first-child panel-last-child\" data-index=\"0\" ><div class=\"so-rounded panel-widget-style panel-widget-style-for-1751-0-0-0\" ><div\n\t\t\t\n\t\t\tclass=\"so-widget-sow-image so-widget-sow-image-default-8b5b6f678277-1751\"\n\t\t\t\n\t\t>\n<div class=\"sow-image-container\">\n\t\t<img \n\tsrc=\"https:\/\/catalystsystem.net\/sp\/wp-content\/uploads\/2025\/09\/IELEC.png\" width=\"1536\" height=\"1024\" srcset=\"https:\/\/catalystsystem.net\/sp\/wp-content\/uploads\/2025\/09\/IELEC.png 1536w, https:\/\/catalystsystem.net\/sp\/wp-content\/uploads\/2025\/09\/IELEC-300x200.png 300w, https:\/\/catalystsystem.net\/sp\/wp-content\/uploads\/2025\/09\/IELEC-1024x683.png 1024w, https:\/\/catalystsystem.net\/sp\/wp-content\/uploads\/2025\/09\/IELEC-768x512.png 768w, https:\/\/catalystsystem.net\/sp\/wp-content\/uploads\/2025\/09\/IELEC-245x163.png 245w, https:\/\/catalystsystem.net\/sp\/wp-content\/uploads\/2025\/09\/IELEC-272x182.png 272w, https:\/\/catalystsystem.net\/sp\/wp-content\/uploads\/2025\/09\/IELEC-360x240.png 360w, https:\/\/catalystsystem.net\/sp\/wp-content\/uploads\/2025\/09\/IELEC-720x480.png 720w\" sizes=\"(max-width: 1536px) 100vw, 1536px\" alt=\"\" \t\tclass=\"so-widget-image\"\/>\n\t<\/div>\n\n<\/div><\/div><\/div><\/div><div id=\"pgc-1751-0-1\"  class=\"panel-grid-cell\" ><div id=\"panel-1751-0-1-0\" class=\"so-panel widget widget_sow-editor panel-first-child\" data-index=\"1\" ><div class=\"panel-widget-style panel-widget-style-for-1751-0-1-0\" ><div\n\t\t\t\n\t\t\tclass=\"so-widget-sow-editor so-widget-sow-editor-base\"\n\t\t\t\n\t\t>\n<div class=\"siteorigin-widget-tinymce textwidget\">\n\t<h2 class=\"h2\" style=\"line-height: 1.45; text-align: center;\"><span class=\"so-premium-web-font\" style=\"font-family: 'Montserrat'; color: #c34333;\" data-web-font-module=\"google\" data-font-info=\"{&quot;font&quot;:&quot;Montserrat&quot;,&quot;webfont&quot;:true,&quot;variant&quot;:&quot;regular&quot;,&quot;module&quot;:&quot;google&quot;}\"><strong>Certif\u00edcate como L\u00edder Internacional<\/strong><\/span><\/h2>\n<h2 class=\"h2\" style=\"line-height: 1.45; text-align: center;\"><span class=\"so-premium-web-font\" style=\"font-family: 'Raleway'; color: #224370;\" data-web-font-module=\"google\" data-font-info=\"{&quot;font&quot;:&quot;Raleway&quot;,&quot;webfont&quot;:true,&quot;variant&quot;:&quot;regular&quot;,&quot;module&quot;:&quot;google&quot;}\"><strong>En modalidad intensiva o regular y con acompa\u00f1amiento individualizado.<br \/>\n<\/strong><\/span><\/h2>\n<h2 class=\"h2\" style=\"line-height: 1.45; text-align: center;\"><\/h2>\n<\/div>\n<\/div><\/div><\/div><div id=\"panel-1751-0-1-1\" class=\"so-panel widget widget_sow-editor panel-last-child\" data-index=\"2\" ><div class=\"panel-widget-style panel-widget-style-for-1751-0-1-1\" ><div\n\t\t\t\n\t\t\tclass=\"so-widget-sow-editor so-widget-sow-editor-base\"\n\t\t\t\n\t\t>\n<div class=\"siteorigin-widget-tinymce textwidget\">\n\t<p><span class=\"so-premium-web-font\" style=\"font-family: 'Montserrat'; color: #224370; font-size: 18px;\" data-web-font-module=\"google\" data-font-info=\"{&quot;font&quot;:&quot;Montserrat&quot;,&quot;webfont&quot;:true,&quot;variant&quot;:&quot;regular&quot;,&quot;module&quot;:&quot;google&quot;}\">El International Executive Leadership Certification (IELC) es un programa \u00fanico de 8 m\u00f3dulos que combina liderazgo, neurociencia y coaching para formar l\u00edderes capaces de inspirar, innovar y generar impacto en entornos globales.<\/span><\/p>\n<p><span class=\"so-premium-web-font\" style=\"font-family: 'Montserrat'; color: #224370; font-size: 18px;\" data-web-font-module=\"google\" data-font-info=\"{&quot;font&quot;:&quot;Montserrat&quot;,&quot;webfont&quot;:true,&quot;variant&quot;:&quot;regular&quot;,&quot;module&quot;:&quot;google&quot;}\">Un programa de certificaci\u00f3n que te prepara para liderar, acompa\u00f1ar y comunicar con excelencia humana y visi\u00f3n estrat\u00e9gica en un contexto que cambia velozmente. <\/span><\/p>\n<p><span class=\"so-premium-web-font\" style=\"font-family: 'Montserrat'; color: #224370; font-size: 18px;\" data-web-font-module=\"google\" data-font-info=\"{&quot;font&quot;:&quot;Montserrat&quot;,&quot;webfont&quot;:true,&quot;variant&quot;:&quot;regular&quot;,&quot;module&quot;:&quot;google&quot;}\"><strong><em>Puedes obtenerlo con un apostillado de La Haya - Acreditado en 110 pa\u00edses en el mundo, incluyendo Estados Unidos<\/em><\/strong>.<\/span><\/p>\n<\/div>\n<\/div><\/div><\/div><\/div><\/div><\/div><div id=\"pg-1751-1\"  class=\"panel-grid panel-has-style\" ><div class=\"panel-row-style panel-row-style-for-1751-1\" ><div id=\"pgc-1751-1-0\"  class=\"panel-grid-cell\" ><div id=\"panel-1751-1-0-0\" class=\"so-panel widget widget_sow-editor panel-first-child panel-last-child\" data-index=\"3\" ><div\n\t\t\t\n\t\t\tclass=\"so-widget-sow-editor so-widget-sow-editor-base\"\n\t\t\t\n\t\t>\n<div class=\"siteorigin-widget-tinymce textwidget\">\n\t<h2><strong><span class=\"so-premium-web-font\" style=\"color: #c34333; font-family: 'Montserrat';\" data-web-font-module=\"google\" data-font-info=\"{&quot;font&quot;:&quot;Montserrat&quot;,&quot;webfont&quot;:true,&quot;variant&quot;:&quot;regular&quot;,&quot;module&quot;:&quot;google&quot;}\">\u00bfPor qu\u00e9 esta certificaci\u00f3n?<\/span><\/strong><\/h2>\n<p><span class=\"so-premium-web-font\" style=\"font-family: 'Open Sans'; color: #224370; font-size: 20px;\" data-web-font-module=\"google\" data-font-info=\"{&quot;font&quot;:&quot;Open Sans&quot;,&quot;webfont&quot;:true,&quot;variant&quot;:&quot;regular&quot;,&quot;module&quot;:&quot;google&quot;}\">M\u00e1s que una clase, te brindamos un espacio real para hablar de lo que te pesa, de lo que te mueve o de lo que vas a transformar.<\/span><\/p>\n<p><span class=\"so-premium-web-font\" style=\"font-family: 'Open Sans'; color: #224370; font-size: 20px;\" data-web-font-module=\"google\" data-font-info=\"{&quot;font&quot;:&quot;Open Sans&quot;,&quot;webfont&quot;:true,&quot;variant&quot;:&quot;regular&quot;,&quot;module&quot;:&quot;google&quot;}\">El IELC no es solo una certificaci\u00f3n. Es un proceso para reconectar contigo mismo(a), fortalecer tu manera de liderar y\u00a0 disfrutar lo que haces.<\/span><\/p>\n<p><span class=\"so-premium-web-font\" style=\"font-family: 'Open Sans'; color: #224370; font-size: 20px;\" data-web-font-module=\"google\" data-font-info=\"{&quot;font&quot;:&quot;Open Sans&quot;,&quot;webfont&quot;:true,&quot;variant&quot;:&quot;regular&quot;,&quot;module&quot;:&quot;google&quot;}\">No solo es sumar un t\u00edtulo m\u00e1s, sino ser t\u00fa, con m\u00e1s herramientas, m\u00e1s claridad y m\u00e1s prop\u00f3sito.<\/span><\/p>\n<p><span class=\"so-premium-web-font\" style=\"font-family: 'Open Sans'; color: #224370; font-size: 20px;\" data-web-font-module=\"google\" data-font-info=\"{&quot;font&quot;:&quot;Open Sans&quot;,&quot;webfont&quot;:true,&quot;variant&quot;:&quot;regular&quot;,&quot;module&quot;:&quot;google&quot;}\">Individualizado y de acuerdo con tus posibilidades de horario<\/span><br \/>\n<span class=\"so-premium-web-font\" style=\"font-family: 'Open Sans'; color: #224370; font-size: 20px;\" data-web-font-module=\"google\" data-font-info=\"{&quot;font&quot;:&quot;Open Sans&quot;,&quot;webfont&quot;:true,&quot;variant&quot;:&quot;regular&quot;,&quot;module&quot;:&quot;google&quot;}\">Pr\u00e1ctica, ejercicios aplicados y retos creativos.<\/span><br \/>\n<span class=\"so-premium-web-font\" style=\"font-family: 'Open Sans'; color: #224370; font-size: 20px;\" data-web-font-module=\"google\" data-font-info=\"{&quot;font&quot;:&quot;Open Sans&quot;,&quot;webfont&quot;:true,&quot;variant&quot;:&quot;regular&quot;,&quot;module&quot;:&quot;google&quot;}\">Certificado emitido en Estados Unidos por Eleader<\/span><br \/>\n<span class=\"so-premium-web-font\" style=\"font-family: 'Open Sans'; color: #224370; font-size: 20px;\" data-web-font-module=\"google\" data-font-info=\"{&quot;font&quot;:&quot;Open Sans&quot;,&quot;webfont&quot;:true,&quot;variant&quot;:&quot;regular&quot;,&quot;module&quot;:&quot;google&quot;}\">Acreditaci\u00f3n Internacional: con aval de la International Association of Coaching and Soft Skills (Suiza) con apostillado de La Haya.<\/span><\/p>\n<h4 style=\"text-align: center;\"><span style=\"color: #c34333;\">Tambi\u00e9n ofrecemos paquetes empresariales en grupos peque\u00f1os<\/span><\/h4>\n<\/div>\n<\/div><\/div><\/div><div id=\"pgc-1751-1-1\"  class=\"panel-grid-cell\" ><div id=\"panel-1751-1-1-0\" class=\"so-panel widget widget_pw_accordion widget-accordion panel-first-child panel-last-child\" data-index=\"4\" ><div class=\"panel-widget-style panel-widget-style-for-1751-1-1-0\" >\t<div class=\"accordion\" id=\"accordion-widget-1-1-0\" role=\"tablist\" aria-multiselectable=\"true\">\n\t\t\t<div class=\"accordion__panel  panel\">\n\t\t\t<div class=\"accordion__heading\" role=\"tab\" id=\"heading-widget-1-1-0-1\">\n\t\t\t\t<div class=\"panel-title\">\n\t\t\t\t\t<a class=\"collapsed\" role=\"button\" data-toggle=\"collapse\" data-parent=\"#accordion-widget-1-1-0\" href=\"#collapse-widget-1-1-0-1\" aria-expanded=\"false\" aria-controls=\"collapse-widget-1-1-0-1\">\n\t\t\t\t\t\tNeuroMind Reset \u2013 Gestiona tu mente antes de liderar\t\t\t\t\t<\/a>\n\t\t\t\t<\/div>\n\t\t\t<\/div>\n\t\t\t<div id=\"collapse-widget-1-1-0-1\" class=\"accordion__content  panel-collapse  collapse\" role=\"tabpanel\" aria-labelledby=\"heading-widget-1-1-0-1\">\n\t\t\t\t<div class=\"panel-body\">\n\t\t\t\t\tEn este m\u00f3dulo, aprender\u00e1s a hackear tu mente, una experiencia para descubrir la diferencia entre el \u201cyo\u201d que lidera y el \u201cyo\u201d que reacciona. Vamos a explorar c\u00f3mo funciona el estr\u00e9s, qu\u00e9 papel juegan nuestras emociones en momentos de presi\u00f3n y c\u00f3mo tomar decisiones m\u00e1s conscientes cuando todo parece desbordarse. Tambi\u00e9n aprender\u00e1s la usar una herramienta poderosa para pausar, observarte y redirigir tu energ\u00eda en tiempo real.\n\nEntre sesi\u00f3n y sesi\u00f3n trabajaremos con  microaprendizajes, donde profundizaremos en preguntas y herramientas clave como: \u00bfqui\u00e9n manda en tu mente, t\u00fa o tu piloto autom\u00e1tico?; neurotips para apagar el estr\u00e9s en segundos; el arte de la pausa como recurso de los l\u00edderes sabios; c\u00f3mo crear un estado emocional poderoso en solo dos minutos; y finalmente, c\u00f3mo pasar de la reacci\u00f3n al impacto redise\u00f1ando tu estilo mental.\t\t\t\t<\/div>\n\t\t\t<\/div>\n\t\t<\/div>\n\t\t\t<div class=\"accordion__panel  panel\">\n\t\t\t<div class=\"accordion__heading\" role=\"tab\" id=\"heading-widget-1-1-0-2\">\n\t\t\t\t<div class=\"panel-title\">\n\t\t\t\t\t<a class=\"collapsed\" role=\"button\" data-toggle=\"collapse\" data-parent=\"#accordion-widget-1-1-0\" href=\"#collapse-widget-1-1-0-2\" aria-expanded=\"false\" aria-controls=\"collapse-widget-1-1-0-2\">\n\t\t\t\t\t\tEnergy Hacks 360 \u2013 Lidera sin quemarte\t\t\t\t\t<\/a>\n\t\t\t\t<\/div>\n\t\t\t<\/div>\n\t\t\t<div id=\"collapse-widget-1-1-0-2\" class=\"accordion__content  panel-collapse  collapse\" role=\"tabpanel\" aria-labelledby=\"heading-widget-1-1-0-2\">\n\t\t\t\t<div class=\"panel-body\">\n\t\t\t\t\tEste m\u00f3dulo te guiar\u00e1 a gestionar conscientemente el tiempo y la energ\u00eda, entendiendo que no se trata solo de hacer m\u00e1s, sino de hacerlo mejor. Aprender\u00e1s a administrar correctamente tus ciclos ultradianos y la importancia del descanso activo para optimizar tu rendimiento sin quemarte. Tambi\u00e9n descubriremos estrategias para proteger tu enfoque sin sacrificar tu vida, porque s\u00ed, se puede avanzar sin dejarte atr\u00e1s.\n\nDespu\u00e9s de la sesi\u00f3n online en vivo trabajaremos con microaprendizajes. Empezaremos con un diagn\u00f3stico personal para identificar d\u00f3nde exactamente se te va la energ\u00eda. Luego trazaremos tu propio mapa energ\u00e9tico diario, reconociendo tus ciclos de alta y baja. Incorporar\u00e1s microh\u00e1bitos que recargan sin que lo notes, aprender\u00e1s a decir \u201cno\u201d sin sentir culpa, y cerrar\u00e1s la semana dise\u00f1ando tu mini rutina diaria de enfoque total\t\t\t\t<\/div>\n\t\t\t<\/div>\n\t\t<\/div>\n\t\t\t<div class=\"accordion__panel  panel\">\n\t\t\t<div class=\"accordion__heading\" role=\"tab\" id=\"heading-widget-1-1-0-3\">\n\t\t\t\t<div class=\"panel-title\">\n\t\t\t\t\t<a class=\"collapsed\" role=\"button\" data-toggle=\"collapse\" data-parent=\"#accordion-widget-1-1-0\" href=\"#collapse-widget-1-1-0-3\" aria-expanded=\"false\" aria-controls=\"collapse-widget-1-1-0-3\">\n\t\t\t\t\t\tBurnout Shield \u2013 Protege tu liderazgo\t\t\t\t\t<\/a>\n\t\t\t\t<\/div>\n\t\t\t<\/div>\n\t\t\t<div id=\"collapse-widget-1-1-0-3\" class=\"accordion__content  panel-collapse  collapse\" role=\"tabpanel\" aria-labelledby=\"heading-widget-1-1-0-3\">\n\t\t\t\t<div class=\"panel-body\">\n\t\t\t\t\tHablaremos de algo que muchos l\u00edderes viven en silencio: el agotamiento profundo. Vamos a identificar juntos las se\u00f1ales tempranas del colapso, esas que muchas veces ignoramos hasta que ya es demasiado tarde. Veremos casos reales de burnout, analizaremos historias breves que te van a resonar m\u00e1s de lo que imaginas. Y lo m\u00e1s importante: aprender\u00e1s a redise\u00f1ar tu ritmo de trabajo para sostener tu impacto sin apagar tu fuego.\nDespu\u00e9s de la sesi\u00f3n online en vivo, trabajaremos con microaprendizajes. Empezaremos con una autoevaluaci\u00f3n r\u00e1pida para saber qu\u00e9 tan cerca est\u00e1s realmente del burnout. Exploraremos las se\u00f1ales que tu cuerpo te lanza antes de quebrarte, y te compartir\u00e9 pr\u00e1cticas simples para dominar el arte de desconectar. Tambi\u00e9n crear\u00e1s tu propio escudo de resiliencia emocional, y cerrar\u00e1s la experiencia con una serie de rituales instant\u00e1neos para recargar tu energ\u00eda en menos de cinco minutos.\n\t\t\t\t<\/div>\n\t\t\t<\/div>\n\t\t<\/div>\n\t\t\t<div class=\"accordion__panel  panel\">\n\t\t\t<div class=\"accordion__heading\" role=\"tab\" id=\"heading-widget-1-1-0-4\">\n\t\t\t\t<div class=\"panel-title\">\n\t\t\t\t\t<a class=\"collapsed\" role=\"button\" data-toggle=\"collapse\" data-parent=\"#accordion-widget-1-1-0\" href=\"#collapse-widget-1-1-0-4\" aria-expanded=\"false\" aria-controls=\"collapse-widget-1-1-0-4\">\n\t\t\t\t\t\tInner Mastery \u2013 Tu sistema interno como herramienta de liderazgo\t\t\t\t\t<\/a>\n\t\t\t\t<\/div>\n\t\t\t<\/div>\n\t\t\t<div id=\"collapse-widget-1-1-0-4\" class=\"accordion__content  panel-collapse  collapse\" role=\"tabpanel\" aria-labelledby=\"heading-widget-1-1-0-4\">\n\t\t\t\t<div class=\"panel-body\">\n\t\t\t\t\tEn este m\u00f3dulo descubrir\u00e1s c\u00f3mo tus creencias, emociones y h\u00e1bitos forman el \u201csistema operativo\u201d que gu\u00eda tu liderazgo, muchas veces sin que te des cuenta. Aprender\u00e1s a identificar patrones mentales que te limitan y a reprogramarlos con herramientas de PNL, microh\u00e1bitos emocionales y un mantra personal que te ancle en tu mejor versi\u00f3n.\n\nEn la sesi\u00f3n online entender\u00e1s c\u00f3mo funciona tu GPS mental y comenzar\u00e1s a redise\u00f1arlo desde adentro.\nEn los microaprendizajes, trabajar\u00e1s tu autoconcepto como l\u00edder, la gesti\u00f3n del autosabotaje y crear\u00e1s un ritual diario que refuerce tu identidad poderosa.\nEl desaf\u00edo final ser\u00e1 dise\u00f1ar un sistema de creencias que te potencie en vez de frenarte.\t\t\t\t<\/div>\n\t\t\t<\/div>\n\t\t<\/div>\n\t\t\t<div class=\"accordion__panel  panel\">\n\t\t\t<div class=\"accordion__heading\" role=\"tab\" id=\"heading-widget-1-1-0-5\">\n\t\t\t\t<div class=\"panel-title\">\n\t\t\t\t\t<a class=\"collapsed\" role=\"button\" data-toggle=\"collapse\" data-parent=\"#accordion-widget-1-1-0\" href=\"#collapse-widget-1-1-0-5\" aria-expanded=\"false\" aria-controls=\"collapse-widget-1-1-0-5\">\n\t\t\t\t\t\tNeuroTalks \u2013 Comunicar para influir\t\t\t\t\t<\/a>\n\t\t\t\t<\/div>\n\t\t\t<\/div>\n\t\t\t<div id=\"collapse-widget-1-1-0-5\" class=\"accordion__content  panel-collapse  collapse\" role=\"tabpanel\" aria-labelledby=\"heading-widget-1-1-0-5\">\n\t\t\t\t<div class=\"panel-body\">\n\t\t\t\t\tConocer\u00e1s el poder de la neurocomunicaci\u00f3n en contextos de liderazgo. Aprender\u00e1s c\u00f3mo funcionan los modelos de comunicaci\u00f3n que usamos muchas veces sin darnos cuenta y c\u00f3mo podemos afinarlos para que realmente generen conexi\u00f3n, claridad e impacto. Profundizaremos tambi\u00e9n en t\u00e9cnicas avanzadas de escucha activa.\nDespu\u00e9s de nuestra sesi\u00f3n online en vivo tendremos una serie de microaprendizajes en los cuales empezaremos por los elementos clave de una comunicaci\u00f3n efectiva, luego practicaremos t\u00e9cnicas para escuchar activamente, y exploraremos c\u00f3mo influir sin manipular, desde un liderazgo \u00e9tico y humano. Tambi\u00e9n te invitar\u00e9 a mirar hacia adentro para entender tus propios modelos de comunicaci\u00f3n, y cerraremos con una reflexi\u00f3n profunda sobre una conversaci\u00f3n significativa que haya marcado tu vida.\t\t\t\t<\/div>\n\t\t\t<\/div>\n\t\t<\/div>\n\t\t\t<div class=\"accordion__panel  panel\">\n\t\t\t<div class=\"accordion__heading\" role=\"tab\" id=\"heading-widget-1-1-0-6\">\n\t\t\t\t<div class=\"panel-title\">\n\t\t\t\t\t<a class=\"collapsed\" role=\"button\" data-toggle=\"collapse\" data-parent=\"#accordion-widget-1-1-0\" href=\"#collapse-widget-1-1-0-6\" aria-expanded=\"false\" aria-controls=\"collapse-widget-1-1-0-6\">\n\t\t\t\t\t\tDream Teams \u2013 Equipos que suman, no que drenan\t\t\t\t\t<\/a>\n\t\t\t\t<\/div>\n\t\t\t<\/div>\n\t\t\t<div id=\"collapse-widget-1-1-0-6\" class=\"accordion__content  panel-collapse  collapse\" role=\"tabpanel\" aria-labelledby=\"heading-widget-1-1-0-6\">\n\t\t\t\t<div class=\"panel-body\">\n\t\t\t\t\tEn este m\u00f3dulo vamos a responder una pregunta fundamental: \u00bfQu\u00e9 hace que un equipo funcione de verdad? Exploraremos los elementos clave de los equipos colaborativos: desde los roles, talentos y din\u00e1micas de comunicaci\u00f3n, hasta c\u00f3mo liderar sin caer en el viejo modelo del jefe que impone. Porque liderar un equipo no es dirigir, es facilitar que cada persona brille en su mejor versi\u00f3n.\nTrabajar\u00e1s con ejercicios pr\u00e1cticos para desarrollar equipos de alto rendimiento bajo principios esenciales. Nos enfocaremos en tu posici\u00f3n dentro del equipo, y c\u00f3mo influye en la din\u00e1mica general. Trabajaremos en la ingenier\u00eda de la confianza, el ingrediente invisible pero vital Exploraremos c\u00f3mo construir equipos adaptados al cambio, \u00e1giles y resilientes. Y cerraremos con herramientas para una delegaci\u00f3n efectiva y un empoderamiento real, donde todos ganan.\t\t\t\t<\/div>\n\t\t\t<\/div>\n\t\t<\/div>\n\t\t\t<div class=\"accordion__panel  panel\">\n\t\t\t<div class=\"accordion__heading\" role=\"tab\" id=\"heading-widget-1-1-0-7\">\n\t\t\t\t<div class=\"panel-title\">\n\t\t\t\t\t<a class=\"collapsed\" role=\"button\" data-toggle=\"collapse\" data-parent=\"#accordion-widget-1-1-0\" href=\"#collapse-widget-1-1-0-7\" aria-expanded=\"false\" aria-controls=\"collapse-widget-1-1-0-7\">\n\t\t\t\t\t\tWinWithin \u2013 Negociando si perderte a ti mismo.\t\t\t\t\t<\/a>\n\t\t\t\t<\/div>\n\t\t\t<\/div>\n\t\t\t<div id=\"collapse-widget-1-1-0-7\" class=\"accordion__content  panel-collapse  collapse\" role=\"tabpanel\" aria-labelledby=\"heading-widget-1-1-0-7\">\n\t\t\t\t<div class=\"panel-body\">\n\t\t\t\t\tDescubrir\u00e1s que negociar no es una guerra de voluntades, sino un espacio donde la empat\u00eda y la estrategia pueden convivir. Aprender\u00e1s t\u00e9cnicas de negociaci\u00f3n emp\u00e1tica, explorar\u00e1s c\u00f3mo manejar conflictos con un enfoque constructivo y aplicar\u00e1s el reconocido Modelo de negociaci\u00f3n, adaptado a conversaciones reales, dif\u00edciles y necesarias.\n\nDespu\u00e9s de nuestra sesi\u00f3n online en vivo tendremos una serie de microaprendizajes. Iniciaremos con la diferencia entre posiciones e intereses en una negociaci\u00f3n, para que aprendas a mirar debajo de la superficie. Luego practicaremos preguntas poderosas en contextos de conflicto, exploraremos el impacto del lenguaje no verbal y analizaremos juntos un caso real de negociaci\u00f3n. Para cerrar, tendr\u00e1s un espacio de coaching de negociaci\u00f3n, donde podr\u00e1s llevar lo aprendido a tu propia realidad.\t\t\t\t<\/div>\n\t\t\t<\/div>\n\t\t<\/div>\n\t\t\t<div class=\"accordion__panel  panel\">\n\t\t\t<div class=\"accordion__heading\" role=\"tab\" id=\"heading-widget-1-1-0-8\">\n\t\t\t\t<div class=\"panel-title\">\n\t\t\t\t\t<a class=\"collapsed\" role=\"button\" data-toggle=\"collapse\" data-parent=\"#accordion-widget-1-1-0\" href=\"#collapse-widget-1-1-0-8\" aria-expanded=\"false\" aria-controls=\"collapse-widget-1-1-0-8\">\n\t\t\t\t\t\tCoaching DNA \u2013 L\u00edder que transforma personas\t\t\t\t\t<\/a>\n\t\t\t\t<\/div>\n\t\t\t<\/div>\n\t\t\t<div id=\"collapse-widget-1-1-0-8\" class=\"accordion__content  panel-collapse  collapse\" role=\"tabpanel\" aria-labelledby=\"heading-widget-1-1-0-8\">\n\t\t\t\t<div class=\"panel-body\">\n\t\t\t\t\tLograr\u00e1s entrar de una manera simple en el mundo del liderazgo transformacional a trav\u00e9s del coaching, desde un enfoque pr\u00e1ctico que integra los tres elementos clave del ADN de un l\u00edder consciente: Desarrollo, Nutrici\u00f3n y Aprendizaje.\n\nMediante los fundamentos del coaching ejecutivo, no como un m\u00e9todo de moda, sino como una forma de relacionarte con tu equipo desde la confianza, el crecimiento y la curiosidad genuina. Practicar\u00e1s el arte de hacer preguntas poderosas, esas que abren caminos donde antes solo hab\u00eda callejones sin salida. Y conocer\u00e1s el poder del co-coaching como una herramienta real para el crecimiento mutuo, entre pares que se acompa\u00f1an a evolucionar. Profundizaremos en el desarrollo de las personas como parte esencial de tu liderazgo. Trabajaremos las actitudes que definen a un l\u00edder coach.\t\t\t\t<\/div>\n\t\t\t<\/div>\n\t\t<\/div>\n\t\t\t<\/div>\n\n<\/div><\/div><\/div><\/div><\/div><div id=\"pg-1751-2\"  class=\"panel-grid panel-has-style\" ><div class=\"panel-row-style panel-row-style-for-1751-2\" ><div id=\"pgc-1751-2-0\"  class=\"panel-grid-cell\" ><div id=\"panel-1751-2-0-0\" class=\"so-panel widget widget_sow-editor panel-first-child\" data-index=\"5\" ><div class=\"panel-widget-style panel-widget-style-for-1751-2-0-0\" ><div\n\t\t\t\n\t\t\tclass=\"so-widget-sow-editor so-widget-sow-editor-base\"\n\t\t\t\n\t\t>\n<div class=\"siteorigin-widget-tinymce textwidget\">\n\t<h3 style=\"text-align: center;\" data-start=\"622\" data-end=\"675\"><span class=\"so-premium-web-font\" style=\"font-family: arial black, avant garde; color: #224370;\" data-web-font-module=\"google\" data-font-info=\"{&quot;font&quot;:&quot;Montserrat&quot;,&quot;webfont&quot;:true,&quot;variant&quot;:&quot;regular&quot;,&quot;module&quot;:&quot;google&quot;}\">TOTALMENTE INDIVIDUALIZADO<\/span><\/h3>\n<h3 style=\"text-align: center;\" data-start=\"680\" data-end=\"745\"><span class=\"so-premium-web-font\" style=\"font-family: arial black, avant garde; color: #224370;\" data-web-font-module=\"google\" data-font-info=\"{&quot;font&quot;:&quot;Montserrat&quot;,&quot;webfont&quot;:true,&quot;variant&quot;:&quot;regular&quot;,&quot;module&quot;:&quot;google&quot;}\">Solicita informaci\u00f3n<\/span><\/h3>\n<\/div>\n<\/div><\/div><\/div><div id=\"panel-1751-2-0-1\" class=\"so-panel widget widget_sow-image panel-last-child\" data-index=\"6\" ><div class=\"panel-widget-style panel-widget-style-for-1751-2-0-1\" ><div\n\t\t\t\n\t\t\tclass=\"so-widget-sow-image so-widget-sow-image-default-dbf295114b96-1751\"\n\t\t\t\n\t\t>\n<div class=\"sow-image-container\">\n\t\t<img \n\tsrc=\"https:\/\/catalystsystem.net\/sp\/wp-content\/uploads\/2025\/09\/1.png\" width=\"400\" height=\"150\" srcset=\"https:\/\/catalystsystem.net\/sp\/wp-content\/uploads\/2025\/09\/1.png 400w, https:\/\/catalystsystem.net\/sp\/wp-content\/uploads\/2025\/09\/1-300x113.png 300w\" sizes=\"(max-width: 400px) 100vw, 400px\" alt=\"\" \t\tclass=\"so-widget-image\"\/>\n\t<\/div>\n\n<\/div><\/div><\/div><\/div><div id=\"pgc-1751-2-1\"  class=\"panel-grid-cell\" ><div id=\"panel-1751-2-1-0\" class=\"so-panel widget widget_sow-contact-form panel-first-child panel-last-child\" data-index=\"7\" ><div class=\"panel-widget-style panel-widget-style-for-1751-2-1-0\" ><div\n\t\t\t\n\t\t\tclass=\"so-widget-sow-contact-form so-widget-sow-contact-form-default-9d65c5d4c157-1751\"\n\t\t\t\n\t\t>\t<form\n\t\taction=\"\/sp\/wp-json\/wp\/v2\/pages\/1751\"\n\t\tmethod=\"POST\"\n\t\tclass=\"sow-contact-form\"\n\t\tid=\"contact-form-6346\"\n\t>\n\n\t\t\n\t\t            <p><em>Los campos marcados con * son obligatorios<\/em><\/p>\n\t\t\t\t\t\t<div class=\"sow-form-field sow-form-field-name\">\n\t\t\t\t<label class=\"sow-form-field-label-above\" for=\"sow-contact-form-field-nombre-completo-1\">\n\t\t\t\t<strong>\n\t\t\t\t\tNombre completo\t\t\t\t\t\t\t\t\t\t\t<span class=\"sow-form-field-required\">*<\/span>\n\t\t\t\t\t\t\t\t\t<\/strong>\n\t\t\t<\/label>\n\t\t\t\t\t\t\t<div class=\"sow-field-container\">\n\t\t\t\t\t\t\t<input\n\t\t\ttype=\"text\"\n\t\t\tname=\"nombre-completo-1\"\n\t\t\tid=\"sow-contact-form-field-nombre-completo-1\"\n\t\t\tvalue=\"\"\n\t\t\tclass=\"sow-text-field\"\n\t\t\t\t\t\t\t\t\/>\n\t\t\t\t\t\t<\/div>\n\t\t\t\t\t\t\t<\/div>\n\t\t\t\t\t\t<div class=\"sow-form-field sow-form-field-email\">\n\t\t\t\t<label class=\"sow-form-field-label-above\" for=\"sow-contact-form-field-correo-electronico-1\">\n\t\t\t\t<strong>\n\t\t\t\t\tCorreo Electr\u00f3nico\t\t\t\t\t\t\t\t\t\t\t<span class=\"sow-form-field-required\">*<\/span>\n\t\t\t\t\t\t\t\t\t<\/strong>\n\t\t\t<\/label>\n\t\t\t\t\t\t\t<div class=\"sow-field-container\">\n\t\t\t\t\t\t\t<input\n\t\t\ttype=\"email\"\n\t\t\tname=\"correo-electronico-1\"\n\t\t\tid=\"sow-contact-form-field-correo-electronico-1\"\n\t\t\tvalue=\"\"\n\t\t\tclass=\"sow-text-field\"\t\t\t\t\t\t\t\t\/>\n\t\t\t\t\t\t<\/div>\n\t\t\t\t\t\t\t<\/div>\n\t\t\t\t\t\t<div class=\"sow-form-field sow-form-field-tel\">\n\t\t\t\t<label class=\"sow-form-field-label-above\" for=\"sow-contact-form-field-telefono-1\">\n\t\t\t\t<strong>\n\t\t\t\t\tTel\u00e9fono\t\t\t\t\t\t\t\t\t\t\t<span class=\"sow-form-field-required\">*<\/span>\n\t\t\t\t\t\t\t\t\t<\/strong>\n\t\t\t<\/label>\n\t\t\t\t\t\t\t<div class=\"sow-field-container\">\n\t\t\t\t\t\t\t<input\n\t\t\ttype=\"tel\"\n\t\t\tname=\"telefono-1\"\n\t\t\tid=\"sow-contact-form-field-telefono-1\"\n\t\t\tvalue=\"\"\n\t\t\tclass=\"sow-text-field\"\t\t\taria-describedby=\"sow-contact-form-field-telefono-1-description\" \t\t\t\t\t\/>\n\t\t\t\t\t\t\t\t<div\n\t\t\t\t\t\t\tclass=\"sow-form-field-description\"\n\t\t\t\t\t\t\tid=\"sow-contact-form-field-telefono-1-description\"\n\t\t\t\t\t\t>\n\t\t\t\t\t\t\t(Codigo)+ N\u00famero\t\t\t\t\t\t<\/div>\n\t\t\t\t\t\t\t\t\t\t<\/div>\n\t\t\t\t\t\t\t<\/div>\n\t\t\t\t\t\t<div class=\"sow-form-field sow-form-field-text\">\n\t\t\t\t<label class=\"sow-form-field-label-above\" for=\"sow-contact-form-field-pais-de-residencia-1\">\n\t\t\t\t<strong>\n\t\t\t\t\tPa\u00eds de residencia\t\t\t\t\t\t\t\t\t\t\t<span class=\"sow-form-field-required\">*<\/span>\n\t\t\t\t\t\t\t\t\t<\/strong>\n\t\t\t<\/label>\n\t\t\t\t\t\t\t<div class=\"sow-field-container\">\n\t\t\t\t\t\t\t<input\n\t\t\ttype=\"text\"\n\t\t\tname=\"pais-de-residencia-1\"\n\t\t\tid=\"sow-contact-form-field-pais-de-residencia-1\"\n\t\t\tvalue=\"\"\n\t\t\tclass=\"sow-text-field\"\t\t\t\t\t\t\t\t\/>\n\t\t\t\t\t\t<\/div>\n\t\t\t\t\t\t\t<\/div>\n\t\t\t\t\t\t<input\n\t\t\t\ttype=\"text\"\n\t\t\t\tname=\"sow-name\"\n\t\t\t\tclass=\"sow-text-field\"\n\t\t\t\tstyle=\"display: none !important; visibility: hidden !important;\"\n\t\t\t\tautocomplete=\"off\"\n\t\t\t\taria-hidden=\"true\"\n\t\t\t>\n\t\t\n\t\t\n\t\t<div class=\"sow-submit-wrapper \n\t\tsow-submit-styled\t\t\">\n\n\t\t\t<button\n\t\t\t\ttype=\"submit\"\n\t\t\t\tclass=\"sow-submit\n\t\t\t\t\t\t\t\t\"\n\t\t\t\tdata-js-key=\"c4ca4238a0b923820dcc509a6f75849b\" \t\t\t>\n\t\t\t\tENVIAR\t\t\t<\/button>\n\t\t<\/div>\n\t\t\t\t<input\n\t\t\ttype=\"hidden\"\n\t\t\tname=\"instance_hash-1\"\n\t\t\tvalue=\"63468926\"\n\t\t\/>\n\n\t\t<input type=\"hidden\" id=\"_wpnonce\" name=\"_wpnonce\" value=\"92c42d8de7\" \/><input type=\"hidden\" name=\"_wp_http_referer\" value=\"\/sp\/wp-json\/wp\/v2\/pages\/1751\" \/>\t<\/form>\n\t<\/div><\/div><\/div><\/div><\/div><\/div><\/div>","protected":false},"excerpt":{"rendered":"<p>Certif\u00edcate como L\u00edder Internacional En modalidad intensiva o regular y con acompa\u00f1amiento individualizado. El International Executive Leadership Certification (IELC) es un programa \u00fanico de 8 m\u00f3dulos que combina liderazgo, neurociencia y coaching para formar l\u00edderes capaces de inspirar, innovar y generar impacto en entornos globales. Un programa de certificaci\u00f3n que te prepara para liderar, acompa\u00f1ar &hellip;<\/p>\n","protected":false},"author":1,"featured_media":0,"parent":0,"menu_order":0,"comment_status":"closed","ping_status":"closed","template":"template-page-builder-no-sidebar.php","meta":{"_acf_changed":false,"footnotes":""},"class_list":{"0":"post-1751","1":"page","2":"type-page","3":"status-publish","5":"clearfix","6":"article"},"acf":[],"yoast_head":"<!-- This site is optimized with the Yoast SEO plugin v27.2 - https:\/\/yoast.com\/product\/yoast-seo-wordpress\/ -->\n<title>Executive Leadership Certification - CSC<\/title>\n<meta name=\"robots\" content=\"index, follow, max-snippet:-1, max-image-preview:large, max-video-preview:-1\" \/>\n<link rel=\"canonical\" href=\"https:\/\/catalystsystem.net\/sp\/ielc\/\" \/>\n<meta property=\"og:locale\" content=\"es_ES\" \/>\n<meta property=\"og:type\" content=\"article\" \/>\n<meta property=\"og:title\" content=\"Certif\u00edcate como L\u00edder Internacional\" \/>\n<meta property=\"og:description\" content=\"Inscr\u00edbete al programa de 8 m\u00f3dulos (intensivo o regular), con sesiones en grupos peque\u00f1os o individuales. Al finalizar, obtendr\u00e1s 8 certificados emitidos en Estados Unidos y una Certificaci\u00f3n Internacional de la International Association of Coaching &amp; Soft Skills (Suiza), con Apostilla de La Haya. Da el siguiente paso en tu desarrollo profesional.\" \/>\n<meta property=\"og:url\" content=\"https:\/\/catalystsystem.net\/sp\/ielc\/\" \/>\n<meta property=\"og:site_name\" content=\"CSC\" \/>\n<meta property=\"article:modified_time\" content=\"2026-01-19T04:54:18+00:00\" \/>\n<meta property=\"og:image\" content=\"https:\/\/catalystsystem.net\/sp\/wp-content\/uploads\/2025\/09\/IELEC-1024x683.png\" \/>\n\t<meta property=\"og:image:width\" content=\"1024\" \/>\n\t<meta property=\"og:image:height\" content=\"683\" \/>\n\t<meta property=\"og:image:type\" content=\"image\/png\" \/>\n<meta name=\"twitter:card\" content=\"summary_large_image\" \/>\n<meta name=\"twitter:title\" content=\"Certif\u00edcate como L\u00edder Internaciona\" \/>\n<meta name=\"twitter:description\" content=\"Inscr\u00edbete al programa de 8 m\u00f3dulos (intensivo o regular), con sesiones en grupos peque\u00f1os o individuales. Al finalizar, obtendr\u00e1s 8 certificados emitidos en Estados Unidos y una Certificaci\u00f3n Internacional de la International Association of Coaching &amp; Soft Skills (Suiza), con Apostilla de La Haya. Da el siguiente paso en tu desarrollo profesional.\" \/>\n<meta name=\"twitter:image\" content=\"https:\/\/catalystsystem.net\/sp\/wp-content\/uploads\/2025\/09\/IELEC.png\" \/>\n<meta name=\"twitter:label1\" content=\"Tiempo de lectura\" \/>\n\t<meta name=\"twitter:data1\" content=\"7 minutos\" \/>\n<script type=\"application\/ld+json\" class=\"yoast-schema-graph\">{\"@context\":\"https:\/\/schema.org\",\"@graph\":[{\"@type\":\"WebPage\",\"@id\":\"https:\/\/catalystsystem.net\/sp\/ielc\/\",\"url\":\"https:\/\/catalystsystem.net\/sp\/ielc\/\",\"name\":\"Executive Leadership Certification - CSC\",\"isPartOf\":{\"@id\":\"https:\/\/catalystsystem.net\/sp\/#website\"},\"datePublished\":\"2025-09-23T23:31:02+00:00\",\"dateModified\":\"2026-01-19T04:54:18+00:00\",\"breadcrumb\":{\"@id\":\"https:\/\/catalystsystem.net\/sp\/ielc\/#breadcrumb\"},\"inLanguage\":\"es\",\"potentialAction\":[{\"@type\":\"ReadAction\",\"target\":[\"https:\/\/catalystsystem.net\/sp\/ielc\/\"]}]},{\"@type\":\"BreadcrumbList\",\"@id\":\"https:\/\/catalystsystem.net\/sp\/ielc\/#breadcrumb\",\"itemListElement\":[{\"@type\":\"ListItem\",\"position\":1,\"name\":\"Portada\",\"item\":\"https:\/\/catalystsystem.net\/sp\/\"},{\"@type\":\"ListItem\",\"position\":2,\"name\":\"Executive Leadership Certification\"}]},{\"@type\":\"WebSite\",\"@id\":\"https:\/\/catalystsystem.net\/sp\/#website\",\"url\":\"https:\/\/catalystsystem.net\/sp\/\",\"name\":\"Catalyst System Consulting\",\"description\":\"Acompa\u00f1ar a l\u00edderes, equipos y organizaciones en el desarrollo de su m\u00e1ximo potencial, integrando coaching, consultor\u00eda, marketing, dise\u00f1o y tecnolog\u00eda\",\"alternateName\":\"CSC\",\"potentialAction\":[{\"@type\":\"SearchAction\",\"target\":{\"@type\":\"EntryPoint\",\"urlTemplate\":\"https:\/\/catalystsystem.net\/sp\/?s={search_term_string}\"},\"query-input\":{\"@type\":\"PropertyValueSpecification\",\"valueRequired\":true,\"valueName\":\"search_term_string\"}}],\"inLanguage\":\"es\"}]}<\/script>\n<!-- \/ Yoast SEO plugin. -->","yoast_head_json":{"title":"Executive Leadership Certification - CSC","robots":{"index":"index","follow":"follow","max-snippet":"max-snippet:-1","max-image-preview":"max-image-preview:large","max-video-preview":"max-video-preview:-1"},"canonical":"https:\/\/catalystsystem.net\/sp\/ielc\/","og_locale":"es_ES","og_type":"article","og_title":"Certif\u00edcate como L\u00edder Internacional","og_description":"Inscr\u00edbete al programa de 8 m\u00f3dulos (intensivo o regular), con sesiones en grupos peque\u00f1os o individuales. Al finalizar, obtendr\u00e1s 8 certificados emitidos en Estados Unidos y una Certificaci\u00f3n Internacional de la International Association of Coaching & Soft Skills (Suiza), con Apostilla de La Haya. Da el siguiente paso en tu desarrollo profesional.","og_url":"https:\/\/catalystsystem.net\/sp\/ielc\/","og_site_name":"CSC","article_modified_time":"2026-01-19T04:54:18+00:00","og_image":[{"width":1024,"height":683,"url":"https:\/\/catalystsystem.net\/sp\/wp-content\/uploads\/2025\/09\/IELEC-1024x683.png","type":"image\/png"}],"twitter_card":"summary_large_image","twitter_title":"Certif\u00edcate como L\u00edder Internaciona","twitter_description":"Inscr\u00edbete al programa de 8 m\u00f3dulos (intensivo o regular), con sesiones en grupos peque\u00f1os o individuales. Al finalizar, obtendr\u00e1s 8 certificados emitidos en Estados Unidos y una Certificaci\u00f3n Internacional de la International Association of Coaching & Soft Skills (Suiza), con Apostilla de La Haya. Da el siguiente paso en tu desarrollo profesional.","twitter_image":"https:\/\/catalystsystem.net\/sp\/wp-content\/uploads\/2025\/09\/IELEC.png","twitter_misc":{"Tiempo de lectura":"7 minutos"},"schema":{"@context":"https:\/\/schema.org","@graph":[{"@type":"WebPage","@id":"https:\/\/catalystsystem.net\/sp\/ielc\/","url":"https:\/\/catalystsystem.net\/sp\/ielc\/","name":"Executive Leadership Certification - CSC","isPartOf":{"@id":"https:\/\/catalystsystem.net\/sp\/#website"},"datePublished":"2025-09-23T23:31:02+00:00","dateModified":"2026-01-19T04:54:18+00:00","breadcrumb":{"@id":"https:\/\/catalystsystem.net\/sp\/ielc\/#breadcrumb"},"inLanguage":"es","potentialAction":[{"@type":"ReadAction","target":["https:\/\/catalystsystem.net\/sp\/ielc\/"]}]},{"@type":"BreadcrumbList","@id":"https:\/\/catalystsystem.net\/sp\/ielc\/#breadcrumb","itemListElement":[{"@type":"ListItem","position":1,"name":"Portada","item":"https:\/\/catalystsystem.net\/sp\/"},{"@type":"ListItem","position":2,"name":"Executive Leadership Certification"}]},{"@type":"WebSite","@id":"https:\/\/catalystsystem.net\/sp\/#website","url":"https:\/\/catalystsystem.net\/sp\/","name":"Catalyst System Consulting","description":"Acompa\u00f1ar a l\u00edderes, equipos y organizaciones en el desarrollo de su m\u00e1ximo potencial, integrando coaching, consultor\u00eda, marketing, dise\u00f1o y tecnolog\u00eda","alternateName":"CSC","potentialAction":[{"@type":"SearchAction","target":{"@type":"EntryPoint","urlTemplate":"https:\/\/catalystsystem.net\/sp\/?s={search_term_string}"},"query-input":{"@type":"PropertyValueSpecification","valueRequired":true,"valueName":"search_term_string"}}],"inLanguage":"es"}]}},"_links":{"self":[{"href":"https:\/\/catalystsystem.net\/sp\/wp-json\/wp\/v2\/pages\/1751","targetHints":{"allow":["GET"]}}],"collection":[{"href":"https:\/\/catalystsystem.net\/sp\/wp-json\/wp\/v2\/pages"}],"about":[{"href":"https:\/\/catalystsystem.net\/sp\/wp-json\/wp\/v2\/types\/page"}],"author":[{"embeddable":true,"href":"https:\/\/catalystsystem.net\/sp\/wp-json\/wp\/v2\/users\/1"}],"replies":[{"embeddable":true,"href":"https:\/\/catalystsystem.net\/sp\/wp-json\/wp\/v2\/comments?post=1751"}],"version-history":[{"count":118,"href":"https:\/\/catalystsystem.net\/sp\/wp-json\/wp\/v2\/pages\/1751\/revisions"}],"predecessor-version":[{"id":2150,"href":"https:\/\/catalystsystem.net\/sp\/wp-json\/wp\/v2\/pages\/1751\/revisions\/2150"}],"wp:attachment":[{"href":"https:\/\/catalystsystem.net\/sp\/wp-json\/wp\/v2\/media?parent=1751"}],"curies":[{"name":"wp","href":"https:\/\/api.w.org\/{rel}","templated":true}]}}